{"id":177634,"date":"2025-10-09T16:46:01","date_gmt":"2025-10-09T14:46:01","guid":{"rendered":"https:\/\/gellinna.com\/?post_type=product&#038;p=177634"},"modified":"2026-08-03T11:19:06","modified_gmt":"2026-08-03T09:19:06","slug":"credenza-3a-mangal","status":"publish","type":"product","link":"https:\/\/gellinna.com\/de\/shop\/innenraumgestaltung-2\/sideboards-und-vitrinen\/credenza-3a-mangal","title":{"rendered":"Credenza 3A Mangal"},"content":{"rendered":"<article class=\"text-token-text-primary w-full focus:outline-none scroll-mt-[calc(var(--header-height)+min(200px,max(70px,20svh)))]\" dir=\"auto\" data-turn-id=\"request-68baef7c-74d0-8330-be0f-db658da42b99-7\" data-testid=\"conversation-turn-200\" data-scroll-anchor=\"true\" data-turn=\"assistant\">\n<div class=\"text-base my-auto mx-auto pb-10 [--thread-content-margin:--spacing(4)] thread-sm:[--thread-content-margin:--spacing(6)] thread-lg:[--thread-content-margin:--spacing(16)] px-(--thread-content-margin)\">\n<div class=\"[--thread-content-max-width:40rem] thread-lg:[--thread-content-max-width:48rem] mx-auto max-w-(--thread-content-max-width) flex-1 group\/turn-messages focus-visible:outline-hidden relative flex w-full min-w-0 flex-col agent-turn\">\n<div class=\"flex max-w-full flex-col grow\">\n<div class=\"min-h-8 text-message relative flex w-full flex-col items-end gap-2 text-start break-words whitespace-normal [.text-message+&amp;]:mt-5\" dir=\"auto\" data-message-author-role=\"assistant\" data-message-id=\"61945a0a-cdc9-4d5d-9fa9-3a09baa10dd7\" data-message-model-slug=\"gpt-5\">\n<div class=\"flex w-full flex-col gap-1 empty:hidden first:pt-[1px]\">\n<div class=\"markdown prose dark:prose-invert w-full break-words light markdown-new-styling\">\n<p data-start=\"160\" data-end=\"607\">La <strong data-start=\"163\" data-end=\"182\">credenza Mangal<\/strong> \u00e8 un arredo dal carattere naturale e deciso, capace di unire materiali autentici e dettagli industriali in un design elegante e funzionale. La <strong data-start=\"326\" data-end=\"358\">struttura in legno di acacia<\/strong> e l\u2019<strong data-start=\"363\" data-end=\"401\">interno in legno riciclato a vista<\/strong> donano calore e unicit\u00e0, mentre le <strong data-start=\"437\" data-end=\"468\">maniglie e gambe in acciaio<\/strong> aggiungono un tocco moderno e contemporaneo. Le <strong data-start=\"517\" data-end=\"551\">ante con chiusura ammortizzata<\/strong> garantiscono comfort e praticit\u00e0 nell\u2019uso quotidiano.<\/p>\n<p data-start=\"609\" data-end=\"642\"><strong data-start=\"609\" data-end=\"640\">Caratteristiche principali:<\/strong><\/p>\n<ul data-start=\"643\" data-end=\"1210\">\n<li data-start=\"643\" data-end=\"782\">\n<p data-start=\"645\" data-end=\"782\"><strong data-start=\"645\" data-end=\"659\">Struttura:<\/strong> In legno di acacia con schienali in compensato e interni a vista in legno riciclato, per un look naturale e sostenibile.<\/p>\n<\/li>\n<li data-start=\"783\" data-end=\"891\">\n<p data-start=\"785\" data-end=\"891\"><strong data-start=\"785\" data-end=\"798\">Finitura:<\/strong> Acrilica protettiva, che esalta le venature del legno e ne preserva la bellezza nel tempo.<\/p>\n<\/li>\n<li data-start=\"892\" data-end=\"991\">\n<p data-start=\"894\" data-end=\"991\"><strong data-start=\"894\" data-end=\"903\">Ante:<\/strong> 3 ante con <strong data-start=\"915\" data-end=\"951\">cerniere a chiusura ammortizzata<\/strong>, per un\u2019apertura fluida e silenziosa.<\/p>\n<\/li>\n<li data-start=\"992\" data-end=\"1098\">\n<p data-start=\"994\" data-end=\"1098\"><strong data-start=\"994\" data-end=\"1006\">Interno:<\/strong> Vani porta con <strong data-start=\"1022\" data-end=\"1041\">mensole interne<\/strong>, ideali per organizzare e riporre oggetti o stoviglie.<\/p>\n<\/li>\n<li data-start=\"1099\" data-end=\"1170\">\n<p data-start=\"1101\" data-end=\"1170\"><strong data-start=\"1101\" data-end=\"1122\">Maniglie e gambe:<\/strong> In acciaio, robuste e dal design industriale.<\/p>\n<\/li>\n<li data-start=\"1171\" data-end=\"1210\">\n<p data-start=\"1173\" data-end=\"1210\"><strong data-start=\"1173\" data-end=\"1187\">Montaggio:<\/strong> Gambe da assemblare.<\/p>\n<\/li>\n<\/ul>\n<p data-start=\"1212\" data-end=\"1225\"><strong data-start=\"1212\" data-end=\"1223\">Misure:<\/strong><\/p>\n<ul data-start=\"1226\" data-end=\"1288\">\n<li data-start=\"1226\" data-end=\"1247\">\n<p data-start=\"1228\" data-end=\"1247\">Larghezza: 175 cm<\/p>\n<\/li>\n<li data-start=\"1248\" data-end=\"1269\">\n<p data-start=\"1250\" data-end=\"1269\">Profondit\u00e0: 40 cm<\/p>\n<\/li>\n<li data-start=\"1270\" data-end=\"1288\">\n<p data-start=\"1272\" data-end=\"1288\">Altezza: 94 cm<\/p>\n<\/li>\n<\/ul>\n<p data-start=\"1290\" data-end=\"1571\">La <strong data-start=\"1293\" data-end=\"1319\">credenza 3 ante Mangal<\/strong> \u00e8 la scelta perfetta per chi cerca un mobile che unisca solidit\u00e0, eleganza e autenticit\u00e0. Perfetta per la zona giorno o la sala da pranzo, arricchisce ogni ambiente con il calore del legno naturale e il fascino dello stile industriale contemporaneo.<\/p>\n<\/div>\n<\/div>\n<\/div>\n<\/div>\n<\/div>\n<\/div>\n<\/article>\n","protected":false},"excerpt":{"rendered":"<p>La <strong data-start=\"163\" data-end=\"182\">credenza Mangal<\/strong> \u00e8 un arredo dal carattere naturale e deciso, capace di unire materiali autentici e dettagli industriali in un design elegante e funzionale. La <strong data-start=\"326\" data-end=\"358\">struttura in legno di acacia<\/strong> e l\u2019<strong data-start=\"363\" data-end=\"401\">interno in legno riciclato a vista<\/strong> donano calore e unicit\u00e0, mentre le <strong data-start=\"437\" data-end=\"468\">maniglie e gambe in acciaio<\/strong> aggiungono un tocco moderno e contemporaneo. Le <strong data-start=\"517\" data-end=\"551\">ante con chiusura ammortizzata<\/strong> garantiscono comfort e praticit\u00e0 nell\u2019uso quotidiano.<\/p>","protected":false},"featured_media":177644,"template":"","meta":{"rs_blank_template":"","rs_page_bg_color":"","slide_template_v7":""},"product_brand":[139],"product_cat":[78,37],"product_tag":[],"class_list":["post-177634","product","type-product","status-publish","has-post-thumbnail","product_brand-bizzotto","product_cat-credenze-e-vetrine","product_cat-indoor-design","first","onbackorder","sale","purchasable","product-type-simple"],"_links":{"self":[{"href":"https:\/\/gellinna.com\/de\/wp-json\/wp\/v2\/product\/177634","targetHints":{"allow":["GET"]}}],"collection":[{"href":"https:\/\/gellinna.com\/de\/wp-json\/wp\/v2\/product"}],"about":[{"href":"https:\/\/gellinna.com\/de\/wp-json\/wp\/v2\/types\/product"}],"version-history":[{"count":0,"href":"https:\/\/gellinna.com\/de\/wp-json\/wp\/v2\/product\/177634\/revisions"}],"wp:featuredmedia":[{"embeddable":true,"href":"https:\/\/gellinna.com\/de\/wp-json\/wp\/v2\/media\/177644"}],"wp:attachment":[{"href":"https:\/\/gellinna.com\/de\/wp-json\/wp\/v2\/media?parent=177634"}],"wp:term":[{"taxonomy":"product_brand","embeddable":true,"href":"https:\/\/gellinna.com\/de\/wp-json\/wp\/v2\/product_brand?post=177634"},{"taxonomy":"product_cat","embeddable":true,"href":"https:\/\/gellinna.com\/de\/wp-json\/wp\/v2\/product_cat?post=177634"},{"taxonomy":"product_tag","embeddable":true,"href":"https:\/\/gellinna.com\/de\/wp-json\/wp\/v2\/product_tag?post=177634"}],"curies":[{"name":"wp","href":"https:\/\/api.w.org\/{rel}","templated":true}]}}