{"id":193076,"date":"2026-02-17T12:32:35","date_gmt":"2026-02-17T11:32:35","guid":{"rendered":"https:\/\/gellinna.com\/?post_type=product&#038;p=193076"},"modified":"2026-02-17T12:50:25","modified_gmt":"2026-02-17T11:50:25","slug":"sedia-lucca","status":"publish","type":"product","link":"https:\/\/gellinna.com\/de\/shop\/ausendesign-2\/stuhle\/sedia-lucca","title":{"rendered":"Sedia Lucca"},"content":{"rendered":"<p data-start=\"127\" data-end=\"446\">La sedia Lucca \u00e8 una soluzione pratica ed elegante progettata per arredare con semplicit\u00e0 e stile gli spazi outdoor come terrazze, balconi, giardini e zone pranzo esterne. Il design essenziale, caratterizzato da linee pulite e proporzioni equilibrate, si integra con naturalezza in contesti contemporanei e minimalisti.<\/p>\n<p data-start=\"448\" data-end=\"805\">Realizzata interamente in alluminio verniciato, garantisce leggerezza, resistenza agli agenti atmosferici e lunga durata nel tempo, rendendola ideale per l\u2019utilizzo all\u2019aperto. La struttura pieghevole consente di ottimizzare gli spazi e di riporre la sedia con facilit\u00e0 quando non utilizzata, offrendo una soluzione funzionale senza rinunciare all\u2019estetica.<\/p>\n<p data-start=\"807\" data-end=\"975\">Disponibile nelle colorazioni <strong data-start=\"837\" data-end=\"847\">bianco<\/strong> e <strong data-start=\"850\" data-end=\"863\">chocolate<\/strong>, si adatta con facilit\u00e0 a diversi stili di arredo esterno, dal pi\u00f9 luminoso e minimale al pi\u00f9 caldo e materico.<\/p>\n<p data-start=\"977\" data-end=\"1008\"><strong data-start=\"977\" data-end=\"1008\">Hauptmerkmale:<\/strong><\/p>\n<ul data-start=\"1010\" data-end=\"1494\">\n<li data-start=\"1010\" data-end=\"1099\">\n<p data-start=\"1012\" data-end=\"1099\"><strong data-start=\"1012\" data-end=\"1026\">Struttura:<\/strong> In alluminio verniciato, leggera, resistente e adatta all\u2019uso esterno.<\/p>\n<\/li>\n<li data-start=\"1100\" data-end=\"1193\">\n<p data-start=\"1102\" data-end=\"1193\"><strong data-start=\"1102\" data-end=\"1125\">Sistema pieghevole:<\/strong> Facile da aprire e chiudere per una gestione pratica degli spazi.<\/p>\n<\/li>\n<li data-start=\"1194\" data-end=\"1246\">\n<p data-start=\"1196\" data-end=\"1246\"><strong data-start=\"1196\" data-end=\"1224\">Colorazioni disponibili:<\/strong> Bianco e chocolate.<\/p>\n<\/li>\n<li data-start=\"1247\" data-end=\"1326\">\n<p data-start=\"1249\" data-end=\"1326\"><strong data-start=\"1249\" data-end=\"1260\">Design:<\/strong> Lineare e contemporaneo, perfetto per ambienti outdoor moderni.<\/p>\n<\/li>\n<li data-start=\"1327\" data-end=\"1409\">\n<p data-start=\"1329\" data-end=\"1409\"><strong data-start=\"1329\" data-end=\"1342\">Utilizzo:<\/strong> Ideale per balconi, terrazze, giardini e zone pranzo all\u2019aperto.<\/p>\n<\/li>\n<li data-start=\"1410\" data-end=\"1494\">\n<p data-start=\"1412\" data-end=\"1494\"><strong data-start=\"1412\" data-end=\"1429\">Manutenzione:<\/strong> Superficie semplice da pulire e resistente all\u2019usura quotidiana.<\/p>\n<\/li>\n<\/ul>\n<p data-start=\"1496\" data-end=\"1507\"><strong data-start=\"1496\" data-end=\"1507\">Misure:<\/strong><\/p>\n<p data-start=\"1509\" data-end=\"1564\">Larghezza: 44 cm<br data-start=\"1525\" data-end=\"1528\" \/>Profondit\u00e0: 51 cm<br data-start=\"1545\" data-end=\"1548\" \/>Altezza: 85 cm<\/p>\n<p data-start=\"1566\" data-end=\"1783\">La sedia Lucca rappresenta la scelta ideale per chi cerca un complemento d\u2019arredo funzionale, leggero e durevole, capace di coniugare praticit\u00e0 d\u2019uso, versatilit\u00e0 cromatica e stile essenziale in ogni ambiente esterno.<\/p>","protected":false},"excerpt":{"rendered":"<p>La sedia Lucca \u00e8 una soluzione pratica ed elegante progettata per arredare con semplicit\u00e0 e stile gli spazi outdoor come terrazze, balconi, giardini e zone pranzo esterne. Il design essenziale, caratterizzato da linee pulite e proporzioni equilibrate, si integra con naturalezza in contesti contemporanei e minimalisti.<\/p>","protected":false},"featured_media":193080,"template":"","meta":{"rs_blank_template":"","rs_page_bg_color":"","slide_template_v7":""},"product_brand":[141],"product_cat":[38,76],"product_tag":[],"class_list":["post-193076","product","type-product","status-publish","has-post-thumbnail","product_brand-greenwood","product_cat-outdoor-design","product_cat-sedie","first","instock","sale","purchasable","product-type-variable"],"_links":{"self":[{"href":"https:\/\/gellinna.com\/de\/wp-json\/wp\/v2\/product\/193076","targetHints":{"allow":["GET"]}}],"collection":[{"href":"https:\/\/gellinna.com\/de\/wp-json\/wp\/v2\/product"}],"about":[{"href":"https:\/\/gellinna.com\/de\/wp-json\/wp\/v2\/types\/product"}],"version-history":[{"count":0,"href":"https:\/\/gellinna.com\/de\/wp-json\/wp\/v2\/product\/193076\/revisions"}],"wp:featuredmedia":[{"embeddable":true,"href":"https:\/\/gellinna.com\/de\/wp-json\/wp\/v2\/media\/193080"}],"wp:attachment":[{"href":"https:\/\/gellinna.com\/de\/wp-json\/wp\/v2\/media?parent=193076"}],"wp:term":[{"taxonomy":"product_brand","embeddable":true,"href":"https:\/\/gellinna.com\/de\/wp-json\/wp\/v2\/product_brand?post=193076"},{"taxonomy":"product_cat","embeddable":true,"href":"https:\/\/gellinna.com\/de\/wp-json\/wp\/v2\/product_cat?post=193076"},{"taxonomy":"product_tag","embeddable":true,"href":"https:\/\/gellinna.com\/de\/wp-json\/wp\/v2\/product_tag?post=193076"}],"curies":[{"name":"wp","href":"https:\/\/api.w.org\/{rel}","templated":true}]}}