{"id":215313,"date":"2026-08-11T12:21:35","date_gmt":"2026-08-11T10:21:35","guid":{"rendered":"https:\/\/gellinna.com\/?post_type=product&#038;p=215313"},"modified":"2026-09-03T05:08:38","modified_gmt":"2026-09-03T03:08:38","slug":"sedia-cross","status":"publish","type":"product","link":"https:\/\/gellinna.com\/de\/shop\/innenraumgestaltung-2\/innenraumgestaltung-stuhle\/sedia-cross","title":{"rendered":"Sedia Cross"},"content":{"rendered":"<div class=\"qMYqUG_convSearchResultHighlightRoot\">\n<div class=\"\" data-turn-id-container=\"request-6a06f72a-a01c-83eb-a1b3-6822d4d61cc7-8\" data-is-intersecting=\"true\">\n<section class=\"text-token-text-primary w-full focus:outline-none has-data-writing-block:pointer-events-none [&amp;:has([data-writing-block])&gt;*]:pointer-events-auto R6Vx5W_threadScrollVars scroll-mb-[calc(var(--scroll-root-safe-area-inset-bottom,0px)+var(--thread-response-height))] scroll-mt-[calc(var(--header-height)+min(200px,max(70px,20svh)))]\" dir=\"auto\" data-turn-id=\"request-6a06f72a-a01c-83eb-a1b3-6822d4d61cc7-8\" data-turn-id-container=\"request-6a06f72a-a01c-83eb-a1b3-6822d4d61cc7-8\" data-testid=\"conversation-turn-518\" data-turn=\"assistant\">\n<div class=\"text-base my-auto mx-auto pb-8 [--thread-content-margin:var(--thread-content-margin-xs,calc(var(--spacing)*4))] @w-sm\/main:[--thread-content-margin:var(--thread-content-margin-sm,calc(var(--spacing)*6))] @w-lg\/main:[--thread-content-margin:var(--thread-content-margin-lg,calc(var(--spacing)*16))] px-(--thread-content-margin)\">\n<div class=\"[--thread-content-max-width:40rem] @w-lg\/main:[--thread-content-max-width:48rem] mx-auto max-w-(--thread-content-max-width) flex-1 group\/turn-messages focus-visible:outline-hidden min-h-8 relative flex w-full min-w-0 flex-col agent-turn\" data-conversation-screenshot-content=\"\">\n<div class=\"flex max-w-full flex-col gap-4 grow\">\n<div class=\"min-h-8 text-message relative flex w-full flex-col items-end gap-2 text-start break-words whitespace-normal outline-none keyboard-focused:focus-ring [.text-message+&amp;]:mt-1\" dir=\"auto\" tabindex=\"0\" data-message-author-role=\"assistant\" data-message-id=\"cfe61a90-dbc1-41bf-b131-b4dd5d9dd991\" data-message-model-slug=\"gpt-5-6\" data-turn-start-message=\"true\">\n<div class=\"flex w-full flex-col gap-1 empty:hidden\">\n<div class=\"streaming-animation markdown prose dark:prose-invert wrap-break-word w-full light markdown-new-styling\">\n<p data-start=\"50\" data-end=\"414\">La <strong data-start=\"53\" data-end=\"68\">Sedia Cross<\/strong> \u00e8 una seduta dal fascino autentico e senza tempo, caratterizzata dall&#8217;incontro tra il calore del <strong data-start=\"166\" data-end=\"183\">legno di olmo<\/strong> e l&#8217;eleganza naturale del <strong data-start=\"210\" data-end=\"220\">rattan<\/strong>. Il suo design richiama le classiche sedute bistrot reinterpretate in chiave contemporanea, rendendola ideale per <strong data-start=\"335\" data-end=\"413\">sale da pranzo, cucine, soggiorni, ristoranti, bistrot e ambienti contract<\/strong>.<\/p>\n<p data-start=\"416\" data-end=\"675\">La <strong data-start=\"419\" data-end=\"462\">struttura \u00e8 realizzata in legno di olmo<\/strong>, materiale apprezzato per la sua solidit\u00e0 e per le caratteristiche venature naturali. La <strong data-start=\"552\" data-end=\"578\">finitura poliuretanica<\/strong> completa la lavorazione della struttura, proteggendone la superficie e valorizzandone l&#8217;aspetto.<\/p>\n<p data-start=\"677\" data-end=\"863\">La seduta \u00e8 <strong data-start=\"689\" data-end=\"733\">imbottita e rivestita in rattan naturale<\/strong>, un dettaglio che dona alla Sedia Cross un&#8217;estetica calda e materica, contribuendo al tempo stesso al comfort durante l&#8217;utilizzo.<\/p>\n<p data-start=\"865\" data-end=\"1106\">Grazie all&#8217;ampia gamma di colorazioni disponibili, Cross pu\u00f2 essere facilmente inserita in differenti progetti d&#8217;arredo, dalle composizioni pi\u00f9 naturali e tradizionali fino agli ambienti caratterizzati da tonalit\u00e0 pi\u00f9 decise e contemporanee.<\/p>\n<p data-start=\"1108\" data-end=\"1164\">Il prodotto viene fornito con <strong data-start=\"1138\" data-end=\"1163\">imballo senza cartone<\/strong>.<\/p>\n<h2 data-section-id=\"d437e9\" data-start=\"1166\" data-end=\"1195\">Caratteristiche principali<\/h2>\n<ul data-start=\"1197\" data-end=\"1415\">\n<li data-section-id=\"1rycwiu\" data-start=\"1197\" data-end=\"1219\"><strong data-start=\"1199\" data-end=\"1213\">Tipologia:<\/strong> Sedia<\/li>\n<li data-section-id=\"91ykbc\" data-start=\"1220\" data-end=\"1258\"><strong data-start=\"1222\" data-end=\"1233\">Design:<\/strong> Classico e contemporaneo<\/li>\n<li data-section-id=\"lilrvb\" data-start=\"1259\" data-end=\"1289\"><strong data-start=\"1261\" data-end=\"1275\">Struttura:<\/strong> Legno di olmo<\/li>\n<li data-section-id=\"7v7ylx\" data-start=\"1290\" data-end=\"1313\"><strong data-start=\"1292\" data-end=\"1303\">Seduta:<\/strong> Imbottita<\/li>\n<li data-section-id=\"1dx4lzn\" data-start=\"1314\" data-end=\"1356\"><strong data-start=\"1316\" data-end=\"1340\">Rivestimento seduta:<\/strong> Rattan naturale<\/li>\n<li data-section-id=\"1f0n38g\" data-start=\"1357\" data-end=\"1386\"><strong data-start=\"1359\" data-end=\"1372\">Finitura:<\/strong> Poliuretanica<\/li>\n<li data-section-id=\"jy0cjd\" data-start=\"1387\" data-end=\"1415\"><strong data-start=\"1389\" data-end=\"1401\">Imballo:<\/strong> Senza cartone<\/li>\n<\/ul>\n<h2 data-section-id=\"12fsyz4\" data-start=\"1536\" data-end=\"1545\">Misure<\/h2>\n<ul data-start=\"1547\" data-end=\"1651\">\n<li data-section-id=\"7u37hw\" data-start=\"1547\" data-end=\"1571\"><strong data-start=\"1549\" data-end=\"1563\">Larghezza:<\/strong> 50,5 cm<\/li>\n<li data-section-id=\"y01s4o\" data-start=\"1572\" data-end=\"1595\"><strong data-start=\"1574\" data-end=\"1589\">Profondit\u00e0:<\/strong> 52 cm<\/li>\n<li data-section-id=\"18cpiuh\" data-start=\"1596\" data-end=\"1623\"><strong data-start=\"1598\" data-end=\"1617\">Altezza totale:<\/strong> 87 cm<\/li>\n<li data-section-id=\"11wof2p\" data-start=\"1624\" data-end=\"1651\"><strong data-start=\"1626\" data-end=\"1645\">Altezza seduta:<\/strong> 46 cm<\/li>\n<\/ul>\n<h2 data-section-id=\"wpig2y\" data-start=\"1653\" data-end=\"1679\">Colorazioni disponibili<\/h2>\n<ul data-start=\"1681\" data-end=\"1792\">\n<li data-section-id=\"4n72cc\" data-start=\"1681\" data-end=\"1695\"><strong data-start=\"1683\" data-end=\"1695\">Naturale<\/strong><\/li>\n<li data-section-id=\"5vmzy8\" data-start=\"1696\" data-end=\"1708\"><strong data-start=\"1698\" data-end=\"1708\">Bianco<\/strong><\/li>\n<li data-section-id=\"2uq84e\" data-start=\"1709\" data-end=\"1719\"><strong data-start=\"1711\" data-end=\"1719\">Nero<\/strong><\/li>\n<li data-section-id=\"shrxkp\" data-start=\"1720\" data-end=\"1740\"><strong data-start=\"1722\" data-end=\"1740\">Marrone Naturale\u00a0<\/strong><\/li>\n<li data-section-id=\"87pobx\" data-start=\"1741\" data-end=\"1759\"><strong data-start=\"1743\" data-end=\"1759\">Grigio Scuro<\/strong><\/li>\n<li data-section-id=\"11w1808\" data-start=\"1760\" data-end=\"1771\"><strong data-start=\"1762\" data-end=\"1771\">Verde<\/strong><\/li>\n<li data-section-id=\"d2vwfn\" data-start=\"1772\" data-end=\"1781\"><strong data-start=\"1774\" data-end=\"1781\">Blu<\/strong><\/li>\n<li data-section-id=\"79moon\" data-start=\"1782\" data-end=\"1792\"><strong data-start=\"1784\" data-end=\"1792\">Ocra<\/strong><\/li>\n<\/ul>\n<p data-start=\"1794\" data-end=\"2138\" data-is-last-node=\"\" data-is-only-node=\"\">La <strong data-start=\"1797\" data-end=\"1812\">Sedia Cross<\/strong> \u00e8 la scelta ideale per chi desidera una seduta <strong data-start=\"1860\" data-end=\"1922\">elegante, versatile e caratterizzata da materiali naturali<\/strong>. La struttura in legno di olmo, la seduta in rattan naturale e la variet\u00e0 di colorazioni disponibili permettono di abbinarla facilmente a differenti tavoli e stili d&#8217;arredo, creando ambienti accoglienti e ricercati.<\/p>\n<\/div>\n<\/div>\n<\/div>\n<\/div>\n<\/div>\n<\/div>\n<\/section>\n<\/div>\n<\/div>\n","protected":false},"excerpt":{"rendered":"<p>La <strong data-start=\"53\" data-end=\"68\">Sedia Cross<\/strong> \u00e8 una seduta dal fascino autentico e senza tempo, caratterizzata dall&#8217;incontro tra il calore del <strong data-start=\"166\" data-end=\"183\">legno di olmo<\/strong> e l&#8217;eleganza naturale del <strong data-start=\"210\" data-end=\"220\">rattan<\/strong>. Il suo design richiama le classiche sedute bistrot reinterpretate in chiave contemporanea, rendendola ideale per <strong data-start=\"335\" data-end=\"413\">sale da pranzo, cucine, soggiorni, ristoranti, bistrot e ambienti contract<\/strong>.<\/p>","protected":false},"featured_media":215361,"template":"","meta":{"rs_blank_template":"","rs_page_bg_color":"","slide_template_v7":""},"product_brand":[139],"product_cat":[37,93],"product_tag":[],"class_list":["post-215313","product","type-product","status-publish","has-post-thumbnail","product_brand-bizzotto","product_cat-indoor-design","product_cat-sedie-indoor-design","first","instock","sale","purchasable","product-type-variable"],"_links":{"self":[{"href":"https:\/\/gellinna.com\/de\/wp-json\/wp\/v2\/product\/215313","targetHints":{"allow":["GET"]}}],"collection":[{"href":"https:\/\/gellinna.com\/de\/wp-json\/wp\/v2\/product"}],"about":[{"href":"https:\/\/gellinna.com\/de\/wp-json\/wp\/v2\/types\/product"}],"version-history":[{"count":0,"href":"https:\/\/gellinna.com\/de\/wp-json\/wp\/v2\/product\/215313\/revisions"}],"wp:featuredmedia":[{"embeddable":true,"href":"https:\/\/gellinna.com\/de\/wp-json\/wp\/v2\/media\/215361"}],"wp:attachment":[{"href":"https:\/\/gellinna.com\/de\/wp-json\/wp\/v2\/media?parent=215313"}],"wp:term":[{"taxonomy":"product_brand","embeddable":true,"href":"https:\/\/gellinna.com\/de\/wp-json\/wp\/v2\/product_brand?post=215313"},{"taxonomy":"product_cat","embeddable":true,"href":"https:\/\/gellinna.com\/de\/wp-json\/wp\/v2\/product_cat?post=215313"},{"taxonomy":"product_tag","embeddable":true,"href":"https:\/\/gellinna.com\/de\/wp-json\/wp\/v2\/product_tag?post=215313"}],"curies":[{"name":"wp","href":"https:\/\/api.w.org\/{rel}","templated":true}]}}