{"id":201589,"date":"2026-05-12T15:19:12","date_gmt":"2026-05-12T13:19:12","guid":{"rendered":"https:\/\/gellinna.com\/?post_type=product&#038;p=201589"},"modified":"2026-06-24T15:59:19","modified_gmt":"2026-06-24T13:59:19","slug":"ever-alu-sofa-divano-3-ps","status":"publish","type":"product","link":"https:\/\/gellinna.com\/en\/shop\/outdoor-design\/ever-alu-sofa-divano-3-ps","title":{"rendered":"Ever Alu Sofa Divano 3 Ps"},"content":{"rendered":"<div class=\"qMYqUG_convSearchResultHighlightRoot\">\n<div class=\"relative w-full overflow-visible\">\n<section class=\"text-token-text-primary w-full focus:outline-none [--shadow-height:45px] has-data-writing-block:pointer-events-none has-data-writing-block:-mt-(--shadow-height) has-data-writing-block:pt-(--shadow-height) [&amp;:has([data-writing-block])&gt;*]:pointer-events-auto [content-visibility:auto] supports-[content-visibility:auto]:[contain-intrinsic-size:auto_100lvh] R6Vx5W_threadScrollVars scroll-mb-[calc(var(--scroll-root-safe-area-inset-bottom,0px)+var(--thread-response-height))] scroll-mt-[calc(var(--header-height)+min(200px,max(70px,20svh)))]\" dir=\"auto\" data-turn-id=\"request-6994520f-3870-8386-a338-c466b11e518c-1\" data-turn-id-container=\"request-6994520f-3870-8386-a338-c466b11e518c-1\" data-testid=\"conversation-turn-419\" data-scroll-anchor=\"false\" data-turn=\"assistant\">\n<div class=\"text-base my-auto mx-auto pb-10 [--thread-content-margin:var(--thread-content-margin-xs,calc(var(--spacing)*4))] @w-sm\/main:[--thread-content-margin:var(--thread-content-margin-sm,calc(var(--spacing)*6))] @w-lg\/main:[--thread-content-margin:var(--thread-content-margin-lg,calc(var(--spacing)*16))] px-(--thread-content-margin)\">\n<div class=\"[--thread-content-max-width:40rem] @w-lg\/main:[--thread-content-max-width:48rem] mx-auto max-w-(--thread-content-max-width) flex-1 group\/turn-messages focus-visible:outline-hidden relative flex w-full min-w-0 flex-col agent-turn\">\n<div class=\"flex max-w-full flex-col gap-4 grow\">\n<div class=\"min-h-8 text-message relative flex w-full flex-col items-end gap-2 text-start break-words whitespace-normal outline-none keyboard-focused:focus-ring [.text-message+&amp;]:mt-1\" dir=\"auto\" tabindex=\"0\" data-message-author-role=\"assistant\" data-message-id=\"04453df0-6f18-4bcc-95ac-b257313c67fb\" data-message-model-slug=\"gpt-5-5\" data-turn-start-message=\"true\">\n<div class=\"flex w-full flex-col gap-1 empty:hidden\">\n<div class=\"markdown prose dark:prose-invert wrap-break-word w-full light markdown-new-styling\">\n<p data-start=\"28\" data-end=\"358\">Il <strong data-start=\"31\" data-end=\"58\">divano 3 posti Ever Alu<\/strong> interpreta l\u2019outdoor living con un linguaggio elegante, essenziale e senza tempo. Le sue linee pulite, unite alla solidit\u00e0 dell\u2019alluminio, danno vita a un complemento d\u2019arredo pensato per resistere nel tempo e valorizzare con naturalezza giardini, terrazze, verande e ambienti esterni contemporanei.<\/p>\n<p data-start=\"360\" data-end=\"689\">La struttura in alluminio, leggera ma resistente, garantisce praticit\u00e0, stabilit\u00e0 e durabilit\u00e0, rendendo il divano ideale per un utilizzo outdoor quotidiano. Il design minimale viene ammorbidito dalla generosa cuscineria, caratterizzata da forme accoglienti e volumi equilibrati, che offrono una seduta confortevole e rilassante.<\/p>\n<p data-start=\"691\" data-end=\"1018\">L\u2019incontro tra la linearit\u00e0 della struttura e la morbidezza dei cuscini crea un equilibrio armonioso tra estetica e funzionalit\u00e0. Il risultato \u00e8 un divano dal carattere discreto ma sofisticato, capace di inserirsi con eleganza in diversi contesti stilistici, dagli spazi pi\u00f9 moderni a quelli dal gusto pi\u00f9 naturale e raffinato.<\/p>\n<p data-start=\"1020\" data-end=\"1206\">La palette cromatica neutra contribuisce a rendere Ever Alu una proposta versatile ed evergreen, pensata per completare l\u2019arredo outdoor con uno stile autentico, sobrio e sempre attuale.<\/p>\n<hr data-start=\"1208\" data-end=\"1211\" \/>\n<h3 data-section-id=\"1sv4o0i\" data-start=\"1213\" data-end=\"1243\">Caratteristiche principali<\/h3>\n<ul data-start=\"1245\" data-end=\"1712\">\n<li data-section-id=\"1uq2qoz\" data-start=\"1245\" data-end=\"1319\"><strong data-start=\"1247\" data-end=\"1261\">Struttura:<\/strong> Alluminio leggero e resistente agli agenti atmosferici.<\/li>\n<li data-section-id=\"1ya5s1h\" data-start=\"1320\" data-end=\"1371\"><strong data-start=\"1322\" data-end=\"1338\">Cuscinatura:<\/strong> Morbida, ampia e confortevole.<\/li>\n<li data-section-id=\"kau8lc\" data-start=\"1372\" data-end=\"1418\"><strong data-start=\"1374\" data-end=\"1385\">Design:<\/strong> Moderno, minimale ed elegante.<\/li>\n<li data-section-id=\"1b8o6lq\" data-start=\"1419\" data-end=\"1483\"><strong data-start=\"1421\" data-end=\"1433\">Comfort:<\/strong> Seduta accogliente ideale per il relax outdoor.<\/li>\n<li data-section-id=\"1wyhtab\" data-start=\"1484\" data-end=\"1573\"><strong data-start=\"1486\" data-end=\"1499\">Utilizzo:<\/strong> Perfetto per giardini, terrazze, verande e spazi outdoor contemporanei.<\/li>\n<li data-section-id=\"867s5\" data-start=\"1574\" data-end=\"1637\"><strong data-start=\"1576\" data-end=\"1591\">Resistenza:<\/strong> Progettato per utilizzo esterno prolungato.<\/li>\n<li data-section-id=\"1rryvmv\" data-start=\"1638\" data-end=\"1712\"><strong data-start=\"1640\" data-end=\"1650\">Stile:<\/strong> Equilibrio armonioso tra linee essenziali e volumi morbidi.<\/li>\n<\/ul>\n<hr data-start=\"1714\" data-end=\"1717\" \/>\n<h3 data-section-id=\"ky47cj\" data-start=\"1719\" data-end=\"1729\">Misure<\/h3>\n<ul data-start=\"1731\" data-end=\"1966\">\n<li data-section-id=\"v2q9yl\" data-start=\"1731\" data-end=\"1768\"><strong data-start=\"1733\" data-end=\"1747\">Larghezza:<\/strong> 235 cm &#8211; 92.5 inch<\/li>\n<li data-section-id=\"1f2chxj\" data-start=\"1769\" data-end=\"1804\"><strong data-start=\"1771\" data-end=\"1786\">Profondit\u00e0:<\/strong> 94 cm &#8211; 37 inch<\/li>\n<li data-section-id=\"1x2fbyu\" data-start=\"1805\" data-end=\"1839\"><strong data-start=\"1807\" data-end=\"1819\">Altezza:<\/strong> 82 cm &#8211; 32.3 inch<\/li>\n<li data-section-id=\"lg967r\" data-start=\"1840\" data-end=\"1882\"><strong data-start=\"1842\" data-end=\"1864\">Altezza bracciolo:<\/strong> 56 cm &#8211; 22 inch<\/li>\n<li data-section-id=\"14vm2au\" data-start=\"1883\" data-end=\"1924\"><strong data-start=\"1885\" data-end=\"1904\">Altezza seduta:<\/strong> 46 cm &#8211; 18.1 inch<\/li>\n<li data-section-id=\"ue5d6\" data-start=\"1925\" data-end=\"1966\"><strong data-start=\"1927\" data-end=\"1947\">Altezza cuscino:<\/strong> 19 cm &#8211; 7.5 inch<\/li>\n<\/ul>\n<hr data-start=\"1968\" data-end=\"1971\" \/>\n<h3 data-section-id=\"15b8vz8\" data-start=\"1973\" data-end=\"1986\">Materiali<\/h3>\n<ul data-start=\"1988\" data-end=\"2045\">\n<li data-section-id=\"1lqpje4\" data-start=\"1988\" data-end=\"2016\"><strong data-start=\"1990\" data-end=\"2004\">Struttura:<\/strong> Alluminio<\/li>\n<li data-section-id=\"1el5zi7\" data-start=\"2017\" data-end=\"2045\"><strong data-start=\"2019\" data-end=\"2035\">Cuscinatura:<\/strong> Tessuto<\/li>\n<\/ul>\n<hr data-start=\"2047\" data-end=\"2050\" \/>\n<p data-start=\"2052\" data-end=\"2265\" data-is-last-node=\"\" data-is-only-node=\"\">Il <strong data-start=\"2055\" data-end=\"2082\">divano 3 posti Ever Alu<\/strong> rappresenta la scelta ideale per chi desidera un complemento outdoor elegante, resistente e senza tempo, capace di unire comfort, design contemporaneo e massima versatilit\u00e0 estetica.<\/p>\n<\/div>\n<\/div>\n<\/div>\n<\/div>\n<div class=\"mt-3 w-full empty:hidden\">\n<div class=\"text-center\"><\/div>\n<\/div>\n<\/div>\n<\/div>\n<\/section>\n<\/div>\n<\/div>\n","protected":false},"excerpt":{"rendered":"<p>The <strong data-start=\"31\" data-end=\"58\">divano 3 posti Ever Alu<\/strong> interpreta l\u2019outdoor living con un linguaggio elegante, essenziale e senza tempo. Le sue linee pulite, unite alla solidit\u00e0 dell\u2019alluminio, danno vita a un complemento d\u2019arredo pensato per resistere nel tempo e valorizzare con naturalezza giardini, terrazze, verande e ambienti esterni contemporanei.<\/p>","protected":false},"featured_media":201594,"template":"","meta":{"rs_blank_template":"","rs_page_bg_color":"","slide_template_v7":""},"product_brand":[142],"product_cat":[38,65],"product_tag":[770,772,768,771,773,776,775,774,767,769],"class_list":["post-201589","product","type-product","status-publish","has-post-thumbnail","product_brand-talenti","product_cat-outdoor-design","product_cat-divani","product_tag-arredo-di-lusso-talenti","product_tag-design-di-interni-talenti","product_tag-divani-talenti","product_tag-mobili-da-giardino-talenti","product_tag-mobili-per-esterni-di-qualita","product_tag-offerte-talenti","product_tag-prezzi-migliori-talenti","product_tag-talenti-arredamento-moderno","product_tag-talenti-design-italiano","product_tag-tavoli-talenti","first","instock","sale","purchasable","product-type-simple"],"_links":{"self":[{"href":"https:\/\/gellinna.com\/en\/wp-json\/wp\/v2\/product\/201589","targetHints":{"allow":["GET"]}}],"collection":[{"href":"https:\/\/gellinna.com\/en\/wp-json\/wp\/v2\/product"}],"about":[{"href":"https:\/\/gellinna.com\/en\/wp-json\/wp\/v2\/types\/product"}],"version-history":[{"count":0,"href":"https:\/\/gellinna.com\/en\/wp-json\/wp\/v2\/product\/201589\/revisions"}],"wp:featuredmedia":[{"embeddable":true,"href":"https:\/\/gellinna.com\/en\/wp-json\/wp\/v2\/media\/201594"}],"wp:attachment":[{"href":"https:\/\/gellinna.com\/en\/wp-json\/wp\/v2\/media?parent=201589"}],"wp:term":[{"taxonomy":"product_brand","embeddable":true,"href":"https:\/\/gellinna.com\/en\/wp-json\/wp\/v2\/product_brand?post=201589"},{"taxonomy":"product_cat","embeddable":true,"href":"https:\/\/gellinna.com\/en\/wp-json\/wp\/v2\/product_cat?post=201589"},{"taxonomy":"product_tag","embeddable":true,"href":"https:\/\/gellinna.com\/en\/wp-json\/wp\/v2\/product_tag?post=201589"}],"curies":[{"name":"wp","href":"https:\/\/api.w.org\/{rel}","templated":true}]}}