{"id":205722,"date":"2026-07-21T15:04:55","date_gmt":"2026-07-21T13:04:55","guid":{"rendered":"https:\/\/gellinna.com\/?post_type=product&#038;p=205722"},"modified":"2026-09-03T04:44:02","modified_gmt":"2026-09-03T02:44:02","slug":"sedia-c-br-linares","status":"publish","type":"product","link":"https:\/\/gellinna.com\/fr\/boutique\/amenagement-exterieur-2\/sedia-c-br-linares","title":{"rendered":"Sedia C-br Linares"},"content":{"rendered":"<div class=\"qMYqUG_convSearchResultHighlightRoot\">\n<div class=\"\" data-turn-id-container=\"request-6a06f72a-a01c-83eb-a1b3-6822d4d61cc7-2\" data-is-intersecting=\"true\">\n<section class=\"text-token-text-primary w-full focus:outline-none has-data-writing-block:pointer-events-none [&amp;:has([data-writing-block])&gt;*]:pointer-events-auto R6Vx5W_threadScrollVars scroll-mb-[calc(var(--scroll-root-safe-area-inset-bottom,0px)+var(--thread-response-height))] scroll-mt-[calc(var(--header-height)+min(200px,max(70px,20svh)))]\" dir=\"auto\" data-turn-id=\"request-6a06f72a-a01c-83eb-a1b3-6822d4d61cc7-2\" data-turn-id-container=\"request-6a06f72a-a01c-83eb-a1b3-6822d4d61cc7-2\" data-testid=\"conversation-turn-286\" data-turn=\"assistant\">\n<div class=\"text-base my-auto mx-auto pb-15 [--thread-content-margin:var(--thread-content-margin-xs,calc(var(--spacing)*4))] @w-sm\/main:[--thread-content-margin:var(--thread-content-margin-sm,calc(var(--spacing)*6))] @w-lg\/main:[--thread-content-margin:var(--thread-content-margin-lg,calc(var(--spacing)*16))] px-(--thread-content-margin)\">\n<div class=\"[--thread-content-max-width:40rem] @w-lg\/main:[--thread-content-max-width:48rem] mx-auto max-w-(--thread-content-max-width) flex-1 group\/turn-messages focus-visible:outline-hidden relative flex w-full min-w-0 flex-col agent-turn\" data-conversation-screenshot-content=\"\">\n<div class=\"flex max-w-full flex-col gap-4 grow\">\n<div class=\"min-h-8 text-message relative flex w-full flex-col items-end gap-2 text-start break-words whitespace-normal outline-none keyboard-focused:focus-ring [.text-message+&amp;]:mt-1\" dir=\"auto\" tabindex=\"0\" data-message-author-role=\"assistant\" data-message-id=\"41b07c00-b2ad-4a01-bccb-0dc32705b887\" data-message-model-slug=\"gpt-5-5\" data-turn-start-message=\"true\">\n<div class=\"flex w-full flex-col gap-1 empty:hidden\">\n<div class=\"markdown prose dark:prose-invert wrap-break-word w-full light markdown-new-styling\">\n<p class=\"PDq2pG_selectionAnchorContainer\" data-start=\"31\" data-end=\"395\">La <strong data-start=\"34\" data-end=\"65\">Sedia Linares con Braccioli<\/strong> \u00e8 una seduta dal design essenziale e contemporaneo, pensata per arredare con stile <strong data-start=\"149\" data-end=\"231\">giardini, terrazze, balconi, verande, dehors, bar, ristoranti e spazi contract<\/strong>. Grazie alle sue linee pulite e ai materiali resistenti, rappresenta la soluzione ideale per chi desidera un arredo outdoor elegante, funzionale e di lunga durata.<\/p>\n<p data-start=\"397\" data-end=\"662\">La <strong data-start=\"400\" data-end=\"460\">struttura in alluminio verniciata a polvere (poliestere)<\/strong> assicura leggerezza, solidit\u00e0 e un&#8217;eccellente resistenza agli agenti atmosferici, ai raggi UV e alla corrosione, mantenendo inalterata la propria estetica anche dopo un utilizzo prolungato all&#8217;esterno.<\/p>\n<p data-start=\"664\" data-end=\"956\">La <strong data-start=\"667\" data-end=\"696\">seduta in fibra sintetica<\/strong> offre un elevato livello di comfort ed \u00e8 progettata per resistere alle intemperie, all&#8217;umidit\u00e0 e all&#8217;usura quotidiana. Il materiale \u00e8 facile da pulire e richiede una manutenzione minima, rendendo la sedia ideale sia per l&#8217;utilizzo domestico che professionale.<\/p>\n<p data-start=\"958\" data-end=\"1225\">I <strong data-start=\"960\" data-end=\"983\">braccioli integrati<\/strong> garantiscono una seduta ancora pi\u00f9 confortevole, mentre la struttura <strong data-start=\"1053\" data-end=\"1067\">impilabile<\/strong> permette di ottimizzare gli spazi quando la sedia non viene utilizzata, caratteristica particolarmente apprezzata in ambienti contract e strutture ricettive.<\/p>\n<p data-start=\"1227\" data-end=\"1304\">La <strong data-start=\"1230\" data-end=\"1261\">Sedia Linares con Braccioli<\/strong> \u00e8 disponibile in due eleganti colorazioni:<\/p>\n<ul data-start=\"1306\" data-end=\"1486\">\n<li data-section-id=\"lpocgi\" data-start=\"1306\" data-end=\"1392\"><strong data-start=\"1308\" data-end=\"1321\">Antracite<\/strong>, moderna e sofisticata, perfetta per ambienti dal gusto contemporaneo.<\/li>\n<li data-section-id=\"1shfk16\" data-start=\"1393\" data-end=\"1486\"><strong data-start=\"1395\" data-end=\"1403\">Wall<\/strong>, una tonalit\u00e0 materica e raffinata che dona calore ed eleganza agli spazi outdoor.<\/li>\n<\/ul>\n<p data-start=\"1488\" data-end=\"1589\">L&#8217;imballo viene fornito <strong data-start=\"1512\" data-end=\"1529\">senza cartone<\/strong>, contribuendo a ridurre gli sprechi e l&#8217;impatto ambientale.<\/p>\n<h2 data-section-id=\"d437e9\" data-start=\"1591\" data-end=\"1620\">Caratteristiche principali<\/h2>\n<ul data-start=\"1622\" data-end=\"2060\">\n<li data-section-id=\"1h1suob\" data-start=\"1622\" data-end=\"1668\"><strong data-start=\"1624\" data-end=\"1638\">Tipologia:<\/strong> Sedia da pranzo con braccioli<\/li>\n<li data-section-id=\"1po8t22\" data-start=\"1669\" data-end=\"1718\"><strong data-start=\"1671\" data-end=\"1682\">Design:<\/strong> Moderno, essenziale e contemporaneo<\/li>\n<li data-section-id=\"xzlppj\" data-start=\"1719\" data-end=\"1779\"><strong data-start=\"1721\" data-end=\"1735\">Struttura:<\/strong> Alluminio verniciato a polvere (poliestere)<\/li>\n<li data-section-id=\"o8lps4\" data-start=\"1780\" data-end=\"1809\"><strong data-start=\"1782\" data-end=\"1793\">Seduta:<\/strong> Fibra sintetica<\/li>\n<li data-section-id=\"wt0r5c\" data-start=\"1810\" data-end=\"1860\"><strong data-start=\"1812\" data-end=\"1826\">Braccioli:<\/strong> Integrati per un maggiore comfort<\/li>\n<li data-section-id=\"e77bb3\" data-start=\"1861\" data-end=\"1881\"><strong data-start=\"1863\" data-end=\"1878\">Impilabile:<\/strong> S\u00ec<\/li>\n<li data-section-id=\"1h7l7ab\" data-start=\"1882\" data-end=\"1941\"><strong data-start=\"1884\" data-end=\"1899\">Resistenza:<\/strong> Agenti atmosferici, raggi UV e corrosione<\/li>\n<li data-section-id=\"xnerwq\" data-start=\"1942\" data-end=\"1994\"><strong data-start=\"1944\" data-end=\"1957\">Utilizzo:<\/strong> Ideale per ambienti indoor e outdoor<\/li>\n<li data-section-id=\"jy0cjd\" data-start=\"1995\" data-end=\"2023\"><strong data-start=\"1997\" data-end=\"2009\">Imballo:<\/strong> Senza cartone<\/li>\n<li data-section-id=\"108m3qz\" data-start=\"2024\" data-end=\"2060\"><strong data-start=\"2026\" data-end=\"2043\">Manutenzione:<\/strong> Facile da pulire<\/li>\n<\/ul>\n<h2 data-section-id=\"10kmwdj\" data-start=\"2062\" data-end=\"2074\">Materiali<\/h2>\n<ul data-start=\"2076\" data-end=\"2166\">\n<li data-section-id=\"xzlppj\" data-start=\"2076\" data-end=\"2136\"><strong data-start=\"2078\" data-end=\"2092\">Struttura:<\/strong> Alluminio verniciato a polvere (poliestere)<\/li>\n<li data-section-id=\"o8lps4\" data-start=\"2137\" data-end=\"2166\"><strong data-start=\"2139\" data-end=\"2150\">Seduta:<\/strong> Fibra sintetica<\/li>\n<\/ul>\n<h2 data-section-id=\"12fsyz4\" data-start=\"2168\" data-end=\"2177\">Misure<\/h2>\n<ul data-start=\"2179\" data-end=\"2314\">\n<li data-section-id=\"9lgtxn\" data-start=\"2179\" data-end=\"2201\"><strong data-start=\"2181\" data-end=\"2195\">Larghezza:<\/strong> 56 cm<\/li>\n<li data-section-id=\"y0rytk\" data-start=\"2202\" data-end=\"2225\"><strong data-start=\"2204\" data-end=\"2219\">Profondit\u00e0:<\/strong> 61 cm<\/li>\n<li data-section-id=\"18oh5s5\" data-start=\"2226\" data-end=\"2253\"><strong data-start=\"2228\" data-end=\"2247\">Altezza totale:<\/strong> 74 cm<\/li>\n<li data-section-id=\"11wkmb6\" data-start=\"2254\" data-end=\"2281\"><strong data-start=\"2256\" data-end=\"2275\">Altezza seduta:<\/strong> 45 cm<\/li>\n<li data-section-id=\"1oy7i27\" data-start=\"2282\" data-end=\"2314\"><strong data-start=\"2284\" data-end=\"2306\">Altezza braccioli:<\/strong> 63,5 cm<\/li>\n<\/ul>\n<h2 data-section-id=\"wpig2y\" data-start=\"2316\" data-end=\"2342\">Colorazioni disponibili<\/h2>\n<ul data-start=\"2344\" data-end=\"2370\">\n<li data-section-id=\"310uqj\" data-start=\"2344\" data-end=\"2359\"><strong data-start=\"2346\" data-end=\"2359\">Antracite<\/strong><\/li>\n<li data-section-id=\"mwfkji\" data-start=\"2360\" data-end=\"2370\"><strong data-start=\"2362\" data-end=\"2370\">Wall<\/strong><\/li>\n<\/ul>\n<p data-start=\"2372\" data-end=\"2820\" data-is-last-node=\"\" data-is-only-node=\"\">La <strong data-start=\"2375\" data-end=\"2406\">Sedia Linares con Braccioli<\/strong> \u00e8 la scelta perfetta per chi cerca una seduta <strong data-start=\"2453\" data-end=\"2487\">elegante, resistente e pratica<\/strong>, capace di coniugare design contemporaneo e funzionalit\u00e0. Grazie alla struttura in alluminio, alla seduta in fibra sintetica resistente agli agenti atmosferici e alla possibilit\u00e0 di impilarla, offre un&#8217;eccellente soluzione d&#8217;arredo per spazi residenziali e professionali, garantendo comfort, durata e facilit\u00e0 di gestione nel tempo.<\/p>\n<\/div>\n<\/div>\n<\/div>\n<\/div>\n<\/div>\n<\/div>\n<\/section>\n<\/div>\n<\/div>\n","protected":false},"excerpt":{"rendered":"<p>La <strong data-start=\"34\" data-end=\"65\">Sedia Linares con Braccioli<\/strong> \u00e8 una seduta dal design essenziale e contemporaneo, pensata per arredare con stile <strong data-start=\"149\" data-end=\"231\">giardini, terrazze, balconi, verande, dehors, bar, ristoranti e spazi contract<\/strong>. Grazie alle sue linee pulite e ai materiali resistenti, rappresenta la soluzione ideale per chi desidera un arredo outdoor elegante, funzionale e di lunga durata.<\/p>","protected":false},"featured_media":205734,"template":"","meta":{"rs_blank_template":"","rs_page_bg_color":"","slide_template_v7":""},"product_brand":[1170],"product_cat":[38,76],"product_tag":[],"class_list":["post-205722","product","type-product","status-publish","has-post-thumbnail","product_brand-yes","product_cat-outdoor-design","product_cat-sedie","first","instock","sale","purchasable","product-type-variable"],"_links":{"self":[{"href":"https:\/\/gellinna.com\/fr\/wp-json\/wp\/v2\/product\/205722","targetHints":{"allow":["GET"]}}],"collection":[{"href":"https:\/\/gellinna.com\/fr\/wp-json\/wp\/v2\/product"}],"about":[{"href":"https:\/\/gellinna.com\/fr\/wp-json\/wp\/v2\/types\/product"}],"version-history":[{"count":0,"href":"https:\/\/gellinna.com\/fr\/wp-json\/wp\/v2\/product\/205722\/revisions"}],"wp:featuredmedia":[{"embeddable":true,"href":"https:\/\/gellinna.com\/fr\/wp-json\/wp\/v2\/media\/205734"}],"wp:attachment":[{"href":"https:\/\/gellinna.com\/fr\/wp-json\/wp\/v2\/media?parent=205722"}],"wp:term":[{"taxonomy":"product_brand","embeddable":true,"href":"https:\/\/gellinna.com\/fr\/wp-json\/wp\/v2\/product_brand?post=205722"},{"taxonomy":"product_cat","embeddable":true,"href":"https:\/\/gellinna.com\/fr\/wp-json\/wp\/v2\/product_cat?post=205722"},{"taxonomy":"product_tag","embeddable":true,"href":"https:\/\/gellinna.com\/fr\/wp-json\/wp\/v2\/product_tag?post=205722"}],"curies":[{"name":"wp","href":"https:\/\/api.w.org\/{rel}","templated":true}]}}